{"id":90,"date":"2013-12-04T15:16:24","date_gmt":"2013-12-04T15:16:24","guid":{"rendered":"http:\/\/gestaltherapie.com\/?page_id=90"},"modified":"2025-01-08T21:46:29","modified_gmt":"2025-01-08T21:46:29","slug":"90-2","status":"publish","type":"page","link":"http:\/\/gestaltherapie.com\/index.php\/90-2\/","title":{"rendered":"Plan"},"content":{"rendered":"<div class=\"wp-block-image\">\n<figure class=\"aligncenter size-full\"><a href=\"http:\/\/gestaltherapie.com\/wp-content\/uploads\/2013\/12\/plan.png\"><img loading=\"lazy\" decoding=\"async\" width=\"512\" height=\"266\" src=\"http:\/\/gestaltherapie.com\/wp-content\/uploads\/2013\/12\/plan.png\" alt=\"\" class=\"wp-image-93\" srcset=\"http:\/\/gestaltherapie.com\/wp-content\/uploads\/2013\/12\/plan.png 512w, http:\/\/gestaltherapie.com\/wp-content\/uploads\/2013\/12\/plan-300x155.png 300w\" sizes=\"auto, (max-width: 512px) 100vw, 512px\" \/><\/a><\/figure>\n<\/div>\n\n\n<figure class=\"wp-block-pullquote\"><blockquote><p>Emilie Brial<br>Gestalt-th\u00e9rapeute<br>35, rue de la R\u00e9publique<br>R\u00e9sidence Minerve <br>92800 Puteaux<br>t\u00e9l: 06 49 76 08 68<\/p><\/blockquote><\/figure>\n\n\n\n<figure class=\"wp-block-pullquote\"><blockquote><p>Acc\u00e8s:&nbsp;<br>RER A \/ M\u00e9tro 1 Esplanade de la D\u00e9fense<\/p><\/blockquote><\/figure>\n","protected":false},"excerpt":{"rendered":"<p>Emilie BrialGestalt-th\u00e9rapeute35, rue de la R\u00e9publiqueR\u00e9sidence Minerve 92800 Puteauxt\u00e9l: 06 49 76 08 68 Acc\u00e8s:&nbsp;RER A \/ M\u00e9tro 1 Esplanade de la D\u00e9fense<\/p>\n","protected":false},"author":1,"featured_media":0,"parent":0,"menu_order":0,"comment_status":"closed","ping_status":"closed","template":"","meta":{"footnotes":""},"class_list":["post-90","page","type-page","status-publish","hentry"],"_links":{"self":[{"href":"http:\/\/gestaltherapie.com\/index.php\/wp-json\/wp\/v2\/pages\/90","targetHints":{"allow":["GET"]}}],"collection":[{"href":"http:\/\/gestaltherapie.com\/index.php\/wp-json\/wp\/v2\/pages"}],"about":[{"href":"http:\/\/gestaltherapie.com\/index.php\/wp-json\/wp\/v2\/types\/page"}],"author":[{"embeddable":true,"href":"http:\/\/gestaltherapie.com\/index.php\/wp-json\/wp\/v2\/users\/1"}],"replies":[{"embeddable":true,"href":"http:\/\/gestaltherapie.com\/index.php\/wp-json\/wp\/v2\/comments?post=90"}],"version-history":[{"count":14,"href":"http:\/\/gestaltherapie.com\/index.php\/wp-json\/wp\/v2\/pages\/90\/revisions"}],"predecessor-version":[{"id":923,"href":"http:\/\/gestaltherapie.com\/index.php\/wp-json\/wp\/v2\/pages\/90\/revisions\/923"}],"wp:attachment":[{"href":"http:\/\/gestaltherapie.com\/index.php\/wp-json\/wp\/v2\/media?parent=90"}],"curies":[{"name":"wp","href":"https:\/\/api.w.org\/{rel}","templated":true}]}}